{"id":670,"date":"2025-08-13T20:19:19","date_gmt":"2025-08-13T18:19:19","guid":{"rendered":"https:\/\/anadel.fr\/?page_id=670"},"modified":"2026-02-16T12:28:16","modified_gmt":"2026-02-16T11:28:16","slug":"exhibitions","status":"publish","type":"page","link":"https:\/\/anadel.fr\/index.php\/exhibitions\/","title":{"rendered":"Exhibitions"},"content":{"rendered":"\n<p><a href=\"https:\/\/anadel.fr\/index.php\/expositions\/\"><sub>en fran\u00e7ais<\/sub><\/a><\/p>\n\n\n\n<p><br><strong>2026 <\/strong>\u2013<a href=\"https:\/\/www.artistes-francais.com\" target=\"_blank\" rel=\"noreferrer noopener\"><strong>Salon des Artistes fran\u00e7ais 202<\/strong>6&nbsp;<\/a>\u2013 Grand Palais<\/p>\n\n\n\n<p>from February 13 to February 15, 2026<\/p>\n\n\n\n<figure class=\"wp-block-gallery has-nested-images columns-default is-cropped wp-block-gallery-1 is-layout-flex wp-block-gallery-is-layout-flex\">\n<figure class=\"wp-block-image size-large\"><img loading=\"lazy\" decoding=\"async\" width=\"722\" height=\"1024\" data-id=\"1874\" src=\"https:\/\/anadel.fr\/wp-content\/uploads\/2026\/01\/001-annonce-SAF-A5-722x1024.jpeg\" alt=\"\" class=\"wp-image-1874\" srcset=\"https:\/\/anadel.fr\/wp-content\/uploads\/2026\/01\/001-annonce-SAF-A5-722x1024.jpeg 722w, https:\/\/anadel.fr\/wp-content\/uploads\/2026\/01\/001-annonce-SAF-A5-211x300.jpeg 211w, https:\/\/anadel.fr\/wp-content\/uploads\/2026\/01\/001-annonce-SAF-A5-768x1090.jpeg 768w, https:\/\/anadel.fr\/wp-content\/uploads\/2026\/01\/001-annonce-SAF-A5-1083x1536.jpeg 1083w, https:\/\/anadel.fr\/wp-content\/uploads\/2026\/01\/001-annonce-SAF-A5-1444x2048.jpeg 1444w, https:\/\/anadel.fr\/wp-content\/uploads\/2026\/01\/001-annonce-SAF-A5-1568x2225.jpeg 1568w, https:\/\/anadel.fr\/wp-content\/uploads\/2026\/01\/001-annonce-SAF-A5.jpeg 1748w\" sizes=\"auto, (max-width: 722px) 100vw, 722px\" \/><\/figure>\n\n\n\n<figure class=\"wp-block-image size-large\"><img loading=\"lazy\" decoding=\"async\" width=\"768\" height=\"1024\" data-id=\"1873\" src=\"https:\/\/anadel.fr\/wp-content\/uploads\/2026\/01\/007-a-inst-art-capital-768x1024.jpg\" alt=\"\" class=\"wp-image-1873\" srcset=\"https:\/\/anadel.fr\/wp-content\/uploads\/2026\/01\/007-a-inst-art-capital-768x1024.jpg 768w, https:\/\/anadel.fr\/wp-content\/uploads\/2026\/01\/007-a-inst-art-capital-225x300.jpg 225w, https:\/\/anadel.fr\/wp-content\/uploads\/2026\/01\/007-a-inst-art-capital.jpg 1076w\" sizes=\"auto, (max-width: 768px) 100vw, 768px\" \/><\/figure>\n<\/figure>\n\n\n\n<figure class=\"wp-block-image size-large\"><img loading=\"lazy\" decoding=\"async\" width=\"768\" height=\"1024\" src=\"https:\/\/anadel.fr\/wp-content\/uploads\/2026\/02\/SAF_2026-768x1024.jpg\" alt=\"\" class=\"wp-image-1895\" srcset=\"https:\/\/anadel.fr\/wp-content\/uploads\/2026\/02\/SAF_2026-768x1024.jpg 768w, https:\/\/anadel.fr\/wp-content\/uploads\/2026\/02\/SAF_2026-225x300.jpg 225w, https:\/\/anadel.fr\/wp-content\/uploads\/2026\/02\/SAF_2026-1152x1536.jpg 1152w, https:\/\/anadel.fr\/wp-content\/uploads\/2026\/02\/SAF_2026.jpg 1200w\" sizes=\"auto, (max-width: 768px) 100vw, 768px\" \/><\/figure>\n\n\n\n<figure class=\"wp-block-video\"><video height=\"1080\" style=\"aspect-ratio: 1920 \/ 1080;\" width=\"1920\" controls src=\"https:\/\/anadel.fr\/wp-content\/uploads\/2026\/02\/PXL_20260215_164922816.mp4\"><\/video><\/figure>\n\n\n\n<h3 class=\"wp-block-heading\"><strong>2025 \u2013 <a href=\"https:\/\/www.salon-automne.com\/en\" target=\"_blank\" rel=\"noreferrer noopener\">Salon d&#8217;automne 2025<\/a><\/strong><a href=\"https:\/\/www.salon-automne.com\/en\" target=\"_blank\" rel=\"noreferrer noopener\"> <\/a>\u2013 Place de la Concorde<\/h3>\n\n\n\n<h6 class=\"wp-block-heading\">from October 29 to November 02, 2025<\/h6>\n\n\n\n<p><\/p>\n\n\n\n<figure class=\"wp-block-image size-full\"><img loading=\"lazy\" decoding=\"async\" width=\"640\" height=\"360\" src=\"https:\/\/anadel.fr\/wp-content\/uploads\/2025\/07\/Banniere-Facebook.jpg\" alt=\"\" class=\"wp-image-478\" srcset=\"https:\/\/anadel.fr\/wp-content\/uploads\/2025\/07\/Banniere-Facebook.jpg 640w, https:\/\/anadel.fr\/wp-content\/uploads\/2025\/07\/Banniere-Facebook-300x169.jpg 300w\" sizes=\"auto, (max-width: 640px) 100vw, 640px\" \/><\/figure>\n\n\n\n<p>Since its creation in 1903, the\u00a0Salon d\u2019Automne\u00a0has been a major event in contemporary artistic creation. Over five days, nearly 1 000 works were presented, exploring the richness and diversity of art around the theme \u201cSharing the Ocean.\u201d This journey highlighted artists committed to the sea and to ecology. True to its avant-garde spirit, the Salon d\u2019Automne continues to defend creative freedom, without hierarchy between disciplines, bringing together 11 artistic sections &#8211; from painting to digital art &#8211; and artists from 50 countries, welcoming nearly 30 000 visitors each year. An event where tradition and innovation meet to celebrate art in all its forms.<\/p>\n\n\n\n<p><\/p>\n\n\n\n<figure class=\"wp-block-image size-large\"><img loading=\"lazy\" decoding=\"async\" width=\"1024\" height=\"729\" src=\"https:\/\/anadel.fr\/wp-content\/uploads\/2026\/02\/PXL_20251102_1652451962-1024x729.jpg\" alt=\"\" class=\"wp-image-1908\" srcset=\"https:\/\/anadel.fr\/wp-content\/uploads\/2026\/02\/PXL_20251102_1652451962-1024x729.jpg 1024w, https:\/\/anadel.fr\/wp-content\/uploads\/2026\/02\/PXL_20251102_1652451962-300x213.jpg 300w, https:\/\/anadel.fr\/wp-content\/uploads\/2026\/02\/PXL_20251102_1652451962-768x546.jpg 768w, https:\/\/anadel.fr\/wp-content\/uploads\/2026\/02\/PXL_20251102_1652451962-1536x1093.jpg 1536w, https:\/\/anadel.fr\/wp-content\/uploads\/2026\/02\/PXL_20251102_1652451962-2048x1457.jpg 2048w, https:\/\/anadel.fr\/wp-content\/uploads\/2026\/02\/PXL_20251102_1652451962-1568x1116.jpg 1568w\" sizes=\"auto, (max-width: 1024px) 100vw, 1024px\" \/><\/figure>\n\n\n\n<figure class=\"wp-block-gallery has-nested-images columns-default is-cropped wp-block-gallery-2 is-layout-flex wp-block-gallery-is-layout-flex\">\n<figure class=\"wp-block-image size-large\"><img loading=\"lazy\" decoding=\"async\" width=\"771\" height=\"1024\" data-id=\"1909\" src=\"https:\/\/anadel.fr\/wp-content\/uploads\/2026\/02\/PXL_20251029_145956891.MP2_-771x1024.jpg\" alt=\"\" class=\"wp-image-1909\" srcset=\"https:\/\/anadel.fr\/wp-content\/uploads\/2026\/02\/PXL_20251029_145956891.MP2_-771x1024.jpg 771w, https:\/\/anadel.fr\/wp-content\/uploads\/2026\/02\/PXL_20251029_145956891.MP2_-226x300.jpg 226w, https:\/\/anadel.fr\/wp-content\/uploads\/2026\/02\/PXL_20251029_145956891.MP2_-768x1020.jpg 768w, https:\/\/anadel.fr\/wp-content\/uploads\/2026\/02\/PXL_20251029_145956891.MP2_-1157x1536.jpg 1157w, https:\/\/anadel.fr\/wp-content\/uploads\/2026\/02\/PXL_20251029_145956891.MP2_-1542x2048.jpg 1542w, https:\/\/anadel.fr\/wp-content\/uploads\/2026\/02\/PXL_20251029_145956891.MP2_-1568x2083.jpg 1568w, https:\/\/anadel.fr\/wp-content\/uploads\/2026\/02\/PXL_20251029_145956891.MP2_-scaled.jpg 1928w\" sizes=\"auto, (max-width: 771px) 100vw, 771px\" \/><\/figure>\n<\/figure>\n\n\n\n<hr class=\"wp-block-separator has-alpha-channel-opacity\"\/>\n\n\n\n<hr class=\"wp-block-separator has-alpha-channel-opacity\"\/>\n\n\n\n<h3 class=\"wp-block-heading\"><strong>2025 \u2013<a href=\"https:\/\/www.artistes-francais.com\/le-salon?leSalon=Open\" target=\"_blank\" rel=\"noreferrer noopener\"> Salon des artistes fran\u00e7ais 2025<\/a> \u2013 <\/strong>Grand Palais<\/h3>\n\n\n\n<h6 class=\"wp-block-heading\">from February 19 to 22, 2025<\/h6>\n\n\n\n<p>The Salon of French Artists is a Parisian event created by artists, for artists. Firmly anchored in the present, it welcomes over 600 contemporary artists each year. Deeply rooted in history, the Salon has been sustained by artists for more than three centuries, succeeding the Salon of the Acad\u00e9mie des Beaux-Arts, held from the late 17th century until 1880.<\/p>\n\n\n\n<p>Throughout its long history, the Salon des Artistes Fran\u00e7ais has remained dedicated to bringing together a wide range of artists and works, reflecting both the vitality of today\u2019s art scene and the creative energy that drives the art world in France and internationally.<\/p>\n\n\n\n<figure class=\"wp-block-image size-large\"><img loading=\"lazy\" decoding=\"async\" width=\"722\" height=\"1024\" src=\"https:\/\/anadel.fr\/wp-content\/uploads\/2024\/12\/1_A5_annonce_salon-722x1024.jpg\" alt=\"\" class=\"wp-image-340\" srcset=\"https:\/\/anadel.fr\/wp-content\/uploads\/2024\/12\/1_A5_annonce_salon-722x1024.jpg 722w, https:\/\/anadel.fr\/wp-content\/uploads\/2024\/12\/1_A5_annonce_salon-211x300.jpg 211w, https:\/\/anadel.fr\/wp-content\/uploads\/2024\/12\/1_A5_annonce_salon-768x1090.jpg 768w, https:\/\/anadel.fr\/wp-content\/uploads\/2024\/12\/1_A5_annonce_salon-1083x1536.jpg 1083w, https:\/\/anadel.fr\/wp-content\/uploads\/2024\/12\/1_A5_annonce_salon-1444x2048.jpg 1444w, https:\/\/anadel.fr\/wp-content\/uploads\/2024\/12\/1_A5_annonce_salon-1568x2225.jpg 1568w, https:\/\/anadel.fr\/wp-content\/uploads\/2024\/12\/1_A5_annonce_salon.jpg 1748w\" sizes=\"auto, (max-width: 722px) 100vw, 722px\" \/><\/figure>\n\n\n\n<p><br>Notable exhibiting artists : Cezanne, Chardin, Courbet, Corot, Degas, Delacroix, Dufy, Fantin-Latour, Fragonard, G\u00e9ricault, Giacometti, Ingres, Jongkind, Le Brun, Manet, Monet, Moreau, Millet, Picabia, Pissaro, Puvis de Chavannes, Redon, Renoir, Singer Sargent, Seurat, Vuillard, etc<br><\/p>\n\n\n\n<figure class=\"wp-block-image size-large\"><img loading=\"lazy\" decoding=\"async\" width=\"768\" height=\"1024\" src=\"https:\/\/anadel.fr\/wp-content\/uploads\/2025\/04\/20250222_115319-768x1024.jpeg\" alt=\"\" class=\"wp-image-414\" srcset=\"https:\/\/anadel.fr\/wp-content\/uploads\/2025\/04\/20250222_115319-768x1024.jpeg 768w, https:\/\/anadel.fr\/wp-content\/uploads\/2025\/04\/20250222_115319-225x300.jpeg 225w, https:\/\/anadel.fr\/wp-content\/uploads\/2025\/04\/20250222_115319-rotated.jpeg 960w\" sizes=\"auto, (max-width: 768px) 100vw, 768px\" \/><\/figure>\n\n\n\n<figure class=\"wp-block-image size-large\"><img loading=\"lazy\" decoding=\"async\" width=\"1024\" height=\"768\" src=\"https:\/\/anadel.fr\/wp-content\/uploads\/2025\/04\/20250222_105552-1024x768.jpeg\" alt=\"\" class=\"wp-image-415\" srcset=\"https:\/\/anadel.fr\/wp-content\/uploads\/2025\/04\/20250222_105552-1024x768.jpeg 1024w, https:\/\/anadel.fr\/wp-content\/uploads\/2025\/04\/20250222_105552-300x225.jpeg 300w, https:\/\/anadel.fr\/wp-content\/uploads\/2025\/04\/20250222_105552-768x576.jpeg 768w, https:\/\/anadel.fr\/wp-content\/uploads\/2025\/04\/20250222_105552.jpeg 1280w\" sizes=\"auto, (max-width: 1024px) 100vw, 1024px\" \/><\/figure>\n\n\n\n<p class=\"has-text-align-center\"><br>Photos by Fanny Kassel<\/p>\n\n\n\n<hr class=\"wp-block-separator has-alpha-channel-opacity\"\/>\n\n\n\n<hr class=\"wp-block-separator has-alpha-channel-opacity\"\/>\n\n\n\n<h3 class=\"wp-block-heading\"><strong>2024 &#8211;<\/strong> <strong><a href=\"https:\/\/www.salon-automne.com\/fr\/actualites\/salon-d-automne-2024\" target=\"_blank\" rel=\"noreferrer noopener\">Salon d&#8217;Automne 2024<\/a> <\/strong>\u2013 Champs-\u00c9lys\u00e9es<\/h3>\n\n\n\n<h6 class=\"wp-block-heading\">from October 23 to 27, 2024<\/h6>\n\n\n\n<figure class=\"wp-block-image size-large\"><img loading=\"lazy\" decoding=\"async\" width=\"1024\" height=\"539\" src=\"https:\/\/anadel.fr\/wp-content\/uploads\/2024\/11\/Visuel-1-Module-2-FB-1024x539.jpg\" alt=\"\" class=\"wp-image-58\" srcset=\"https:\/\/anadel.fr\/wp-content\/uploads\/2024\/11\/Visuel-1-Module-2-FB-1024x539.jpg 1024w, https:\/\/anadel.fr\/wp-content\/uploads\/2024\/11\/Visuel-1-Module-2-FB-300x158.jpg 300w, https:\/\/anadel.fr\/wp-content\/uploads\/2024\/11\/Visuel-1-Module-2-FB-768x404.jpg 768w, https:\/\/anadel.fr\/wp-content\/uploads\/2024\/11\/Visuel-1-Module-2-FB-1536x808.jpg 1536w, https:\/\/anadel.fr\/wp-content\/uploads\/2024\/11\/Visuel-1-Module-2-FB-2048x1077.jpg 2048w, https:\/\/anadel.fr\/wp-content\/uploads\/2024\/11\/Visuel-1-Module-2-FB-1568x825.jpg 1568w\" sizes=\"auto, (max-width: 1024px) 100vw, 1024px\" \/><\/figure>\n\n\n\n<p><br>Founded in 1903 at the Petit Palais in Paris by a circle of friends challenging the dominant academicism of the time, the Salon d\u2019Automne soon emerged as both a driving force and a privileged witness to the birth of the major artistic movements of the 20th century &#8211; Fauvism, Surrealism, Cubism, Abstract Art, Nouvelle Figuration, Art Singulier, among others.<\/p>\n\n\n\n<figure class=\"wp-block-image size-large\"><img loading=\"lazy\" decoding=\"async\" width=\"1024\" height=\"1024\" src=\"https:\/\/anadel.fr\/wp-content\/uploads\/2024\/11\/PXL_20241021_082121493-1024x1024.jpg\" alt=\"\" class=\"wp-image-48\" srcset=\"https:\/\/anadel.fr\/wp-content\/uploads\/2024\/11\/PXL_20241021_082121493-1024x1024.jpg 1024w, https:\/\/anadel.fr\/wp-content\/uploads\/2024\/11\/PXL_20241021_082121493-300x300.jpg 300w, https:\/\/anadel.fr\/wp-content\/uploads\/2024\/11\/PXL_20241021_082121493-150x150.jpg 150w, https:\/\/anadel.fr\/wp-content\/uploads\/2024\/11\/PXL_20241021_082121493-768x768.jpg 768w, https:\/\/anadel.fr\/wp-content\/uploads\/2024\/11\/PXL_20241021_082121493-1536x1536.jpg 1536w, https:\/\/anadel.fr\/wp-content\/uploads\/2024\/11\/PXL_20241021_082121493-2048x2048.jpg 2048w, https:\/\/anadel.fr\/wp-content\/uploads\/2024\/11\/PXL_20241021_082121493-1568x1567.jpg 1568w\" sizes=\"auto, (max-width: 1024px) 100vw, 1024px\" \/><\/figure>\n\n\n\n<p><br>\u2026 <a href=\"https:\/\/itartbag.com\/entre-heritage-et-innovation-le-salon-dautomne-livre-sa-121eme-edition\/\" target=\"_blank\" rel=\"noreferrer noopener\">dans la presse<\/a><\/p>\n\n\n\n<figure class=\"wp-block-gallery has-nested-images columns-default is-cropped wp-block-gallery-3 is-layout-flex wp-block-gallery-is-layout-flex\">\n<figure class=\"wp-block-image size-large\"><img loading=\"lazy\" decoding=\"async\" width=\"1024\" height=\"771\" data-id=\"51\" src=\"https:\/\/anadel.fr\/wp-content\/uploads\/2024\/11\/PXL_20241023_104705218.MP_-1024x771.jpg\" alt=\"\" class=\"wp-image-51\" srcset=\"https:\/\/anadel.fr\/wp-content\/uploads\/2024\/11\/PXL_20241023_104705218.MP_-1024x771.jpg 1024w, https:\/\/anadel.fr\/wp-content\/uploads\/2024\/11\/PXL_20241023_104705218.MP_-300x226.jpg 300w, https:\/\/anadel.fr\/wp-content\/uploads\/2024\/11\/PXL_20241023_104705218.MP_-768x578.jpg 768w, https:\/\/anadel.fr\/wp-content\/uploads\/2024\/11\/PXL_20241023_104705218.MP_-1536x1157.jpg 1536w, https:\/\/anadel.fr\/wp-content\/uploads\/2024\/11\/PXL_20241023_104705218.MP_-2048x1542.jpg 2048w, https:\/\/anadel.fr\/wp-content\/uploads\/2024\/11\/PXL_20241023_104705218.MP_-1568x1181.jpg 1568w\" sizes=\"auto, (max-width: 1024px) 100vw, 1024px\" \/><\/figure>\n\n\n\n<figure class=\"wp-block-image size-large\"><img loading=\"lazy\" decoding=\"async\" width=\"771\" height=\"1024\" data-id=\"53\" src=\"https:\/\/anadel.fr\/wp-content\/uploads\/2024\/11\/PXL_20241023_104805772.PORTRAIT.ORIGINAL-771x1024.jpg\" alt=\"\" class=\"wp-image-53\" srcset=\"https:\/\/anadel.fr\/wp-content\/uploads\/2024\/11\/PXL_20241023_104805772.PORTRAIT.ORIGINAL-771x1024.jpg 771w, https:\/\/anadel.fr\/wp-content\/uploads\/2024\/11\/PXL_20241023_104805772.PORTRAIT.ORIGINAL-226x300.jpg 226w, https:\/\/anadel.fr\/wp-content\/uploads\/2024\/11\/PXL_20241023_104805772.PORTRAIT.ORIGINAL-768x1020.jpg 768w, https:\/\/anadel.fr\/wp-content\/uploads\/2024\/11\/PXL_20241023_104805772.PORTRAIT.ORIGINAL-1157x1536.jpg 1157w, https:\/\/anadel.fr\/wp-content\/uploads\/2024\/11\/PXL_20241023_104805772.PORTRAIT.ORIGINAL-1542x2048.jpg 1542w, https:\/\/anadel.fr\/wp-content\/uploads\/2024\/11\/PXL_20241023_104805772.PORTRAIT.ORIGINAL-1568x2083.jpg 1568w, https:\/\/anadel.fr\/wp-content\/uploads\/2024\/11\/PXL_20241023_104805772.PORTRAIT.ORIGINAL-scaled.jpg 1928w\" sizes=\"auto, (max-width: 771px) 100vw, 771px\" \/><\/figure>\n\n\n\n<figure class=\"wp-block-image size-large\"><img loading=\"lazy\" decoding=\"async\" width=\"771\" height=\"1024\" data-id=\"52\" src=\"https:\/\/anadel.fr\/wp-content\/uploads\/2024\/11\/PXL_20241023_104735872.PORTRAIT.ORIGINAL-771x1024.jpg\" alt=\"\" class=\"wp-image-52\" srcset=\"https:\/\/anadel.fr\/wp-content\/uploads\/2024\/11\/PXL_20241023_104735872.PORTRAIT.ORIGINAL-771x1024.jpg 771w, https:\/\/anadel.fr\/wp-content\/uploads\/2024\/11\/PXL_20241023_104735872.PORTRAIT.ORIGINAL-226x300.jpg 226w, https:\/\/anadel.fr\/wp-content\/uploads\/2024\/11\/PXL_20241023_104735872.PORTRAIT.ORIGINAL-768x1020.jpg 768w, https:\/\/anadel.fr\/wp-content\/uploads\/2024\/11\/PXL_20241023_104735872.PORTRAIT.ORIGINAL-1157x1536.jpg 1157w, https:\/\/anadel.fr\/wp-content\/uploads\/2024\/11\/PXL_20241023_104735872.PORTRAIT.ORIGINAL-1542x2048.jpg 1542w, https:\/\/anadel.fr\/wp-content\/uploads\/2024\/11\/PXL_20241023_104735872.PORTRAIT.ORIGINAL-1568x2083.jpg 1568w, https:\/\/anadel.fr\/wp-content\/uploads\/2024\/11\/PXL_20241023_104735872.PORTRAIT.ORIGINAL-scaled.jpg 1928w\" sizes=\"auto, (max-width: 771px) 100vw, 771px\" \/><\/figure>\n<\/figure>\n\n\n\n<p>Notable exhibiting artists : Bonnard, Brancusi, Braque, Camoin, C\u00e9zanne, Chagall (1948), Claudel, Dali (1969), Delaunay, Derain, Dufy, Foujita (1923) Gauguin, Kandinsky, Kisling, Marquet, Matisse (1922, 1925, 1946), Manguin, Modigliani (1912), Picabia, Picasso (1911, 1945, 1947), Redon, Renoir, Rodin, de Sta\u00ebl (1951, 1952), Valadon, Vallotton, Van Dongen, de Vlaminck, Zadkine, Zao (Wou Ki, 1923), etc<\/p>\n\n\n\n<hr class=\"wp-block-separator has-alpha-channel-opacity\"\/>\n\n\n\n<hr class=\"wp-block-separator has-alpha-channel-opacity\"\/>\n\n\n\n<h3 class=\"wp-block-heading\"><br>2017 \u2013 <a href=\"https:\/\/www.artmajeur.com\/fr\/giordane\/achievement\/prix-png.pdf?v=1629970636\" target=\"_blank\" rel=\"noreferrer noopener\">16\u00e8me exposition des oeuvres de personnel et des \u00e9tudiants de l&#8217;Universit\u00e9 Nice Sophia Antipolis<\/a><\/h3>\n\n\n\n<p>from November 27 to December 15, 2017 at the University Library &#8211; Sciences, Parc Valrose, Nice.<\/p>\n\n\n\n<hr class=\"wp-block-separator has-alpha-channel-opacity\"\/>\n\n\n\n<hr class=\"wp-block-separator has-alpha-channel-opacity\"\/>\n\n\n\n<h3 class=\"wp-block-heading\">2017 \u2013 60 ans du CAES du CNRS \u2013 exposition <a href=\"https:\/\/www.cnrs.fr\/CNRS-Hebdo\/cote-azur\/Actualites\/10043\/Suite.aspx\" target=\"_blank\" rel=\"noreferrer noopener\">\u201cNos agents ont du talent !\u201d<\/a><\/h3>\n\n\n\n<p>from May 25 to June 5, 2017 at Valbonne Village.<\/p>\n\n\n\n<p><br>In 2017, the CAES celebrated its 60th anniversary. On this occasion, the CAES regional branch for the C\u00f4te d\u2019Azur organized the exhibition&nbsp;<em>\u201cOur staff has talent\u201d<\/em>, showcasing around one hundred works ranging from painting to sculpture, and from drawing to photography.<\/p>\n\n\n\n<figure class=\"wp-block-image size-full is-resized\"><img loading=\"lazy\" decoding=\"async\" width=\"484\" height=\"236\" src=\"https:\/\/anadel.fr\/wp-content\/uploads\/2024\/11\/image004-2-1.jpg\" alt=\"\" class=\"wp-image-60\" style=\"width:610px;height:auto\" srcset=\"https:\/\/anadel.fr\/wp-content\/uploads\/2024\/11\/image004-2-1.jpg 484w, https:\/\/anadel.fr\/wp-content\/uploads\/2024\/11\/image004-2-1-300x146.jpg 300w\" sizes=\"auto, (max-width: 484px) 100vw, 484px\" \/><\/figure>\n\n\n\n<figure class=\"wp-block-gallery has-nested-images columns-default is-cropped wp-block-gallery-4 is-layout-flex wp-block-gallery-is-layout-flex\">\n<figure class=\"wp-block-image size-large\"><img loading=\"lazy\" decoding=\"async\" width=\"576\" height=\"1024\" data-id=\"44\" src=\"https:\/\/anadel.fr\/wp-content\/uploads\/2024\/11\/20170524_194337-1152x2048-1-576x1024.jpg\" alt=\"\" class=\"wp-image-44\" srcset=\"https:\/\/anadel.fr\/wp-content\/uploads\/2024\/11\/20170524_194337-1152x2048-1-576x1024.jpg 576w, https:\/\/anadel.fr\/wp-content\/uploads\/2024\/11\/20170524_194337-1152x2048-1-169x300.jpg 169w, https:\/\/anadel.fr\/wp-content\/uploads\/2024\/11\/20170524_194337-1152x2048-1-768x1365.jpg 768w, https:\/\/anadel.fr\/wp-content\/uploads\/2024\/11\/20170524_194337-1152x2048-1-864x1536.jpg 864w, https:\/\/anadel.fr\/wp-content\/uploads\/2024\/11\/20170524_194337-1152x2048-1.jpg 1152w\" sizes=\"auto, (max-width: 576px) 100vw, 576px\" \/><\/figure>\n\n\n\n<figure class=\"wp-block-image size-large\"><img loading=\"lazy\" decoding=\"async\" width=\"727\" height=\"1024\" data-id=\"66\" src=\"https:\/\/anadel.fr\/wp-content\/uploads\/2024\/11\/IMG_20170524_192008575-scaled-e1730762809254-727x1024.jpg\" alt=\"\" class=\"wp-image-66\" srcset=\"https:\/\/anadel.fr\/wp-content\/uploads\/2024\/11\/IMG_20170524_192008575-scaled-e1730762809254-727x1024.jpg 727w, https:\/\/anadel.fr\/wp-content\/uploads\/2024\/11\/IMG_20170524_192008575-scaled-e1730762809254-213x300.jpg 213w, https:\/\/anadel.fr\/wp-content\/uploads\/2024\/11\/IMG_20170524_192008575-scaled-e1730762809254-768x1082.jpg 768w, https:\/\/anadel.fr\/wp-content\/uploads\/2024\/11\/IMG_20170524_192008575-scaled-e1730762809254-1091x1536.jpg 1091w, https:\/\/anadel.fr\/wp-content\/uploads\/2024\/11\/IMG_20170524_192008575-scaled-e1730762809254.jpg 1432w\" sizes=\"auto, (max-width: 727px) 100vw, 727px\" \/><\/figure>\n<\/figure>\n","protected":false},"excerpt":{"rendered":"<p>en fran\u00e7ais 2026 \u2013Salon des Artistes fran\u00e7ais 2026&nbsp;\u2013 Grand Palais from February 13 to February 15, 2026 2025 \u2013 Salon d&#8217;automne 2025 \u2013 Place de la Concorde from October 29 to November 02, 2025 Since its creation in 1903, the\u00a0Salon d\u2019Automne\u00a0has been a major event in contemporary artistic creation. Over five days, nearly 1 000&hellip; <a class=\"more-link\" href=\"https:\/\/anadel.fr\/index.php\/exhibitions\/\">Continue reading <span class=\"screen-reader-text\">Exhibitions<\/span><\/a><\/p>\n","protected":false},"author":1,"featured_media":0,"parent":0,"menu_order":0,"comment_status":"closed","ping_status":"closed","template":"","meta":{"footnotes":""},"class_list":["post-670","page","type-page","status-publish","hentry","entry"],"_links":{"self":[{"href":"https:\/\/anadel.fr\/index.php\/wp-json\/wp\/v2\/pages\/670","targetHints":{"allow":["GET"]}}],"collection":[{"href":"https:\/\/anadel.fr\/index.php\/wp-json\/wp\/v2\/pages"}],"about":[{"href":"https:\/\/anadel.fr\/index.php\/wp-json\/wp\/v2\/types\/page"}],"author":[{"embeddable":true,"href":"https:\/\/anadel.fr\/index.php\/wp-json\/wp\/v2\/users\/1"}],"replies":[{"embeddable":true,"href":"https:\/\/anadel.fr\/index.php\/wp-json\/wp\/v2\/comments?post=670"}],"version-history":[{"count":19,"href":"https:\/\/anadel.fr\/index.php\/wp-json\/wp\/v2\/pages\/670\/revisions"}],"predecessor-version":[{"id":1910,"href":"https:\/\/anadel.fr\/index.php\/wp-json\/wp\/v2\/pages\/670\/revisions\/1910"}],"wp:attachment":[{"href":"https:\/\/anadel.fr\/index.php\/wp-json\/wp\/v2\/media?parent=670"}],"curies":[{"name":"wp","href":"https:\/\/api.w.org\/{rel}","templated":true}]}}